{"id":1900,"date":"2023-03-08T15:43:20","date_gmt":"2023-03-08T13:43:20","guid":{"rendered":"http:\/\/www.chph.hu\/?page_id=1900"},"modified":"2024-06-25T10:51:04","modified_gmt":"2024-06-25T08:51:04","slug":"rolunk","status":"publish","type":"page","link":"http:\/\/www.chph.hu\/","title":{"rendered":"R\u00f3lunk"},"content":{"rendered":"\n<h2 class=\"wp-block-heading\">T\u00f6rt\u00e9net<\/h2>\n\n\n\n<p>T\u00e1rsas\u00e1gunkat a Richter Gedeon Rt. \u00e9s a Chemitechnik Vegyipari Fejleszt\u0151 \u00e9s Tervez\u0151 Kft. alap\u00edtotta 1994 janu\u00e1rj\u00e1ban. Szervezet\u00fcnk magj\u00e1t a Richter Gedeon Rt.-b\u0151l kiv\u00e1lt akkori \u00dczemfejleszt\u00e9si F\u0151oszt\u00e1ly alkotta, a maga harminc \u00e9ves gy\u00f3gyszeripari tapasztalat\u00e1val.<\/p>\n\n\n\n<p>T\u00e1rsas\u00e1gunknak \u2013 a gy\u00f3gyszeripar mellett \u2013 tradicion\u00e1lis profilja l\u00e9tes\u00edtm\u00e9nyek tervez\u00e9se \u00e9s kivitelez\u00e9se a vegyipar \u00e9s az \u00e9lelmiszeripar ter\u00fclet\u00e9n. Az ut\u00f3bbi n\u00e9h\u00e1ny \u00e9vben egyre szigorod\u00f3 el\u0151\u00edr\u00e1sok miatt, a k\u00f6rnyezetv\u00e9delmi beruh\u00e1z\u00e1si profil is meger\u0151s\u00f6d\u00f6tt.<\/p>\n\n\n\n<hr class=\"wp-block-separator has-alpha-channel-opacity\"\/>\n\n\n\n<h2 class=\"wp-block-heading\">K\u00fcldet\u00e9s<\/h2>\n\n\n\n<p>Tev\u00e9kenys\u00e9g\u00fcnk sor\u00e1n komplex m\u00e9rn\u00f6ki (engineering) szolg\u00e1ltat\u00e1st ny\u00fajtunk a vegyipar, a gy\u00f3gyszeripar \u00e9s az \u00e9lelmiszeripar ter\u00fclet\u00e9n m\u0171k\u00f6d\u0151 v\u00e1llalatoknak. \u00c1tfog\u00f3 m\u0171szaki \u00e9s v\u00e1llalkoz\u00f3i feladatokat oldunk meg, \u2013 egyed\u00fcl\u00e1ll\u00f3 el\u0151ny\u00f6ket k\u00edn\u00e1lva megrendel\u0151inek.<br>A t\u00f6bbs\u00e9gi tulajdonossal, a Richter Gedeon NyRt-vel t\u00f6bb \u00e9vtizedes kapcsolat \u00e9s k\u00f6z\u00f6s fejleszt\u00e9sek alapj\u00e1n a CHEMITECHNIK PHARMA Kft. az ipar\u00e1g legjobb m\u00e9rn\u00f6ki irod\u00e1j\u00e1v\u00e1 k\u00edv\u00e1n fejl\u0151dni a hazai piacon.<br>Ezen ind\u00edttat\u00e1sb\u00f3l ered a CHEMITECHNIK PHARMA Kft. munkakult\u00far\u00e1ja, filoz\u00f3fi\u00e1ja \u00e9s a jelen, meghirdetett min\u0151s\u00e9gpolitik\u00e1ja.<\/p>\n\n\n\n<hr class=\"wp-block-separator has-alpha-channel-opacity\"\/>\n\n\n\n<h2 class=\"wp-block-heading\">J\u00f6v\u0151k\u00e9p<\/h2>\n\n\n\n<p>A magyarorsz\u00e1gi vegyipari, gy\u00f3gyszeripari \u00e9s \u00e9lelmiszeripari v\u00e1llalkoz\u00e1sok fejl\u0151d\u00e9s\u00e9b\u0151l, az Eur\u00f3pai Uni\u00f3s, k\u00f6rnyezetv\u00e9delmi rendelkez\u00e9sekb\u0151l \u00e9s elv\u00e1r\u00e1sokb\u00f3l ad\u00f3d\u00f3an, a tart\u00f3s partnerkapcsolataink k\u00f6vetkezt\u00e9ben a CHEMITECHNIK PHARMA Kft. t\u00f6bb \u00e9ve meghat\u00e1roz\u00f3 szerepl\u0151je a hazai m\u0171szaki tervez\u0151i \u00e9s g\u00e9ptervez\u0151i tev\u00e9kenys\u00e9geknek.<br>\u00c9p\u00edt\u00e9szeti, \u00e9p\u00fcletg\u00e9p\u00e9szeti, technol\u00f3giai, g\u00e9ptervez\u00e9si, ir\u00e1ny\u00edt\u00e1stechnikai, k\u00f6rnyezetv\u00e9delmi \u00e9s infrastruktur\u00e1lis ter\u00fcleteken elismert hazai tervez\u0151k, v\u00e1llalkoz\u00f3k maradunk.<br>Nemcsak Megrendel\u0151ink tartoznak a magyarorsz\u00e1gi vezet\u0151 c\u00e9gek k\u00f6z\u00e9, hanem mi magunk is k\u00f6zt\u00fck akarunk maradni.<br>A jelenlegi piac megtart\u00e1sa mellett tev\u00e9kenys\u00e9gb\u0151v\u00edt\u00e9st v\u00e9gz\u00fcnk, amelynek alapja az egyedi fejleszt\u00e9sek a megrendel\u0151k bevon\u00e1s\u00e1val \u00e9s \u00edgy a t\u00f6bb l\u00e1bon \u00e1ll\u00e1s.<br>Olyan rugalmas \u00fczletpolitik\u00e1t alkalmazunk, amelyben k\u00e9pzett szakember g\u00e1rd\u00e1nk k\u00e9pes a t\u00f6bbs\u00e9gi tulajdonos megrendel\u00e9sein k\u00edv\u00fcl az \u00faj \u00fczleti partnereket is kiszolg\u00e1lni. Munkakult\u00far\u00e1nkat, ir\u00e1ny\u00edt\u00e1si\u2013m\u0171k\u00f6d\u00e9si m\u00f3dszereinket olyan min\u0151s\u00e9gszeml\u00e9letre \u00e9p\u00edtj\u00fck, amelyben alkalmazzuk a nemzetk\u00f6zi \u00e9s hazai gyakorlatban is elterjedt, szabv\u00e1nyos min\u0151s\u00e9gir\u00e1ny\u00edt\u00e1si rendszert \u00e9s a korszer\u0171 menedzsment gyakorlatot.<\/p>\n\n\n\n<hr class=\"wp-block-separator has-alpha-channel-opacity\"\/>\n\n\n\n<h2 class=\"wp-block-heading\">\u00c9rt\u00e9krend<\/h2>\n\n\n\n<p>A CHEMITECHNIK PHARMA Kft.-nek alap\u00edt\u00e1si k\u00f6r\u00fclm\u00e9nyeib\u0151l \u00e9s k\u00fcldet\u00e9s\u00e9b\u0151l ad\u00f3d\u00f3an saj\u00e1tos \u00e9s egyedi \u00e9rt\u00e9krendje van, amely meghat\u00e1rozza a legfontosabb magatart\u00e1si \u00e9s tev\u00e9kenys\u00e9gi szab\u00e1lyokat is.<br>Az elv\u00e1rt \u00e9s kialak\u00edtott \u00e9rt\u00e9krend r\u00f6gz\u00edt\u00e9s\u00e9vel a CHEMITECHNIK PHARMA Kft. meghat\u00e1rozta a partnerekt\u0151l, munkat\u00e1rsakt\u00f3l elv\u00e1rhat\u00f3 magatart\u00e1st, a CHEMITECHNIK PHARMA Kft. c\u00e9ljainak \u00e9s min\u0151s\u00e9gszeml\u00e9let\u00e9nek megfelel\u0151 cselekv\u00e9s norm\u00e1it.<\/p>\n\n\n\n<p><strong>Az \u00e9rt\u00e9krend alapelvei:<\/strong><\/p>\n\n\n\n<ol class=\"wp-block-list\">\n<li>Szakszer\u0171s\u00e9g, min\u0151s\u00e9g, bizalom.<\/li>\n\n\n\n<li>Elk\u00f6telezett, kiegyens\u00falyozott egy\u00fcttm\u0171k\u00f6d\u00e9s a munkat\u00e1rsak k\u00f6z\u00f6tt \u00e9s egy\u00fcttm\u0171k\u00f6d\u00e9s a CHEMITECHNIK PHARMA Kft. \u00fcgyfeleivel.<\/li>\n\n\n\n<li>T\u00f6rv\u00e9nyess\u00e9g, a mindenkor hat\u00e1lyos \u00e1llami, jogi rendelkez\u00e9sek, szab\u00e1lyok betart\u00e1sa, a k\u00fcls\u0151 \u00e9s egy\u00e9b bels\u0151 utas\u00edt\u00e1sok lehet\u0151 legnagyobb k\u00f6r\u00fcltekint\u00e9ssel val\u00f3 alkalmaz\u00e1sa.<\/li>\n\n\n\n<li>Folyamatos fejleszt\u00e9s \u00e9s fejl\u0151d\u00e9s, a kiv\u00e1l\u00f3s\u00e1gra val\u00f3 t\u00f6rekv\u00e9s, a munkat\u00e1rsak szem\u00e9lyes k\u00e9pess\u00e9geinek tudatos fejleszt\u00e9s\u00e9vel \u00e9s \u00fajabb m\u00f3dszerek, technik\u00e1k alkalmaz\u00e1s\u00e1val.<\/li>\n\n\n\n<li>Emberhez m\u00e9lt\u00f3 k\u00f6rnyezet biztos\u00edt\u00e1sa, a k\u00f6rnyezetet v\u00e9d\u0151 tev\u00e9kenys\u00e9gek t\u00e1mogat\u00e1sa, azok kezdem\u00e9nyez\u00e9se.<\/li>\n\n\n\n<li>Az egy\u00e9n adotts\u00e1gai \u00e9s a feladat jellege k\u00f6z\u00f6tti \u00f6sszhang biztos\u00edt\u00e1sa, a legmegfelel\u0151bb er\u0151forr\u00e1s kiv\u00e1laszt\u00e1sa \u00e9s mozg\u00f3s\u00edt\u00e1sa a feladat megold\u00e1s\u00e1ra, rugalmas munkacsoportok kialak\u00edt\u00e1sa \u00e9s projektmunka.<\/li>\n\n\n\n<li>Korszer\u0171 sz\u00e1m\u00edt\u00e1stechnika (hardver, szoftver) alkalmaz\u00e1sa.<\/li>\n\n\n\n<li>Az eg\u00e9szs\u00e9g- \u00e9s munkav\u00e9delem mind magasabb szint\u0171 elv\u00e1r\u00e1sainak el\u0151t\u00e9rbe helyez\u00e9se \u00e9s a CHEMITECHNIK PHARMA Kft. ilyen ir\u00e1ny\u00fa int\u00e9zked\u00e9seinek az ISO 9001 nemzetk\u00f6zi szabv\u00e1ny k\u00f6vetelm\u00e9nyei szerint kialak\u00edtott min\u0151s\u00e9gir\u00e1ny\u00edt\u00e1si rendszerbe val\u00f3 be\u00e9p\u00edt\u00e9se.<\/li>\n<\/ol>\n\n\n\n<hr class=\"wp-block-separator has-alpha-channel-opacity\"\/>\n\n\n\n<h2 class=\"wp-block-heading\">Projekt orient\u00e1lts\u00e1g<\/h2>\n\n\n\n<p>A CHEMITECHNIK PHARMA KFT. minden dolgoz\u00f3ja a projektek sikeres megval\u00f3s\u00edt\u00e1s\u00e1\u00e9rt dolgozik.<\/p>\n\n\n<div class=\"wp-block-image\">\n<figure class=\"aligncenter size-full is-resized\"><a href=\"http:\/\/www.chph.hu\/wp-content\/uploads\/2019\/03\/abra.png\"><img loading=\"lazy\" decoding=\"async\" width=\"781\" height=\"775\" src=\"http:\/\/www.chph.hu\/wp-content\/uploads\/2019\/03\/abra.png\" alt=\"\" class=\"wp-image-1297\" style=\"width:573px;height:567px\" srcset=\"http:\/\/www.chph.hu\/wp-content\/uploads\/2019\/03\/abra.png 781w, http:\/\/www.chph.hu\/wp-content\/uploads\/2019\/03\/abra-150x150.png 150w, http:\/\/www.chph.hu\/wp-content\/uploads\/2019\/03\/abra-300x298.png 300w, http:\/\/www.chph.hu\/wp-content\/uploads\/2019\/03\/abra-768x762.png 768w, http:\/\/www.chph.hu\/wp-content\/uploads\/2019\/03\/abra-600x595.png 600w, http:\/\/www.chph.hu\/wp-content\/uploads\/2019\/03\/abra-100x100.png 100w\" sizes=\"auto, (max-width: 706px) 89vw, (max-width: 767px) 82vw, 740px\" \/><\/a><\/figure>\n<\/div>\n\n\n<hr class=\"wp-block-separator has-alpha-channel-opacity\"\/>\n\n\n\n<h2 class=\"wp-block-heading\">Min\u0151s\u00e9gpolitik\u00e1nk<\/h2>\n\n\n\n<p>A CHEMITECHNIK PHARMA Kft. vezet\u0151s\u00e9ge \u00e9s munkat\u00e1rsai \u2013 \u00f6sszhangban a k\u00fcldet\u00e9s nyilatkozatukban foglaltakkal \u00e9s \u00e9rt\u00e9krendj\u00fck alapelveivel \u2013 kinyilv\u00e1n\u00edtj\u00e1k elk\u00f6telezetts\u00e9g\u00fcket egy korszer\u0171 min\u0151s\u00e9gir\u00e1ny\u00edt\u00e1si rendszer alkalmaz\u00e1sa mellett.<br>Ez a rendszer mag\u00e1ban foglalja a tev\u00e9kenys\u00e9gek ir\u00e1ny\u00edt\u00e1s\u00e1t \u00e9s folyamatos fejleszt\u00e9s\u00e9t a megrendel\u0151k \u00e9s partnerek, a munkat\u00e1rsak, valamint a szervezet tulajdonosai megel\u00e9gedetts\u00e9g\u00e9nek fenntart\u00e1sa \u00e9s fokoz\u00e1sa \u00e9rdek\u00e9ben.<\/p>\n\n\n\n<p><strong>A szervezet legf\u0151bb min\u0151s\u00e9g\u00fcgyi alap\u00e9rt\u00e9kei:<\/strong><\/p>\n\n\n\n<ol class=\"wp-block-list\">\n<li>Magas szakmai ismeretekkel \u00e9s kiemelked\u0151 emberi tulajdons\u00e1gokkal rendelkez\u0151 munkat\u00e1rsak alkalmaz\u00e1sa, \u00e9s a szervezetbe t\u00f6rt\u00e9n\u0151 integr\u00e1l\u00e1sa a tev\u00e9kenys\u00e9gek hat\u00e9kony, \u00fcgyf\u00e9lk\u00f6zpont\u00fa, folyamatszeml\u00e9let\u0171 v\u00e9gz\u00e9se \u00e9rdek\u00e9ben.<\/li>\n\n\n\n<li>Az er\u0151forr\u00e1sok optim\u00e1lis kihaszn\u00e1l\u00e1sa a folyamatok \u00e1lland\u00f3 figyelemmel k\u00eds\u00e9r\u00e9s\u00e9vel, \u00e9s a t\u00e9nyeken alapul\u00f3 d\u00f6nt\u00e9shozatallal.<\/li>\n\n\n\n<li>K\u00f6lcs\u00f6n\u00f6sen el\u0151ny\u00f6s, hossz\u00fa t\u00e1v\u00fa partneri kapcsolatok ki\u00e9p\u00edt\u00e9se \u00e9s fenntart\u00e1sa a speci\u00e1lis besz\u00e1ll\u00edt\u00f3inkkal \u00e9s az alv\u00e1llalkoz\u00f3inkkal.<\/li>\n\n\n\n<li>Rugalmas team munka, projektekben v\u00e9gzett tev\u00e9kenys\u00e9gek, a feladatok magasabb szint\u0171 ell\u00e1t\u00e1sa \u00e9rdek\u00e9ben.<\/li>\n\n\n\n<li>A folyamatos fejl\u0151d\u00e9st biztos\u00edt\u00f3 m\u00f3dszerek kutat\u00e1sa, az \u00f6sszehasonl\u00edt\u00e1sos m\u00f3dszereken alapul\u00f3 legjobb gyakorlat megkeres\u00e9se, honos\u00edt\u00e1sa.<\/li>\n<\/ol>\n\n\n\n<p>A min\u0151s\u00e9gpolitika deklar\u00e1l\u00e1s\u00e1val a CHEMITECHNIK PHARMA Kft. vezet\u0151s\u00e9ge kinyilv\u00e1n\u00edtja felel\u0151ss\u00e9g\u00e9t \u00e9s sz\u00e1nd\u00e9k\u00e1t, hogy a saj\u00e1t min\u0151s\u00e9gir\u00e1ny\u00edt\u00e1si rendszer\u00e9t tan\u00fas\u00edttatja, \u00e9s a tan\u00fas\u00edtott rendszer szerinti m\u0171k\u00f6d\u00e9st fenntartja, a tapasztalatokat \u00e9s eredm\u00e9nyeket folyamatosan \u00e9rt\u00e9keli, fejleszti.<\/p>\n\n\n\n<hr class=\"wp-block-separator has-alpha-channel-opacity\"\/>\n\n\n\n<h2 class=\"wp-block-heading\">ISO 9001<\/h2>\n\n\n\n<p>Az elismert hazai sz\u00ednvonalon t\u00falmen\u0151en a nemzetk\u00f6zi norm\u00e1k meghonos\u00edt\u00e1s\u00e1t t\u0171zt\u00fck ki c\u00e9lul. Feladatainkat a nemzetk\u00f6zi min\u0151s\u00e9gbiztos\u00edt\u00e1si rendszerben megfogalmazott ir\u00e1nyelvek tartalmi \u00e9s formai keretei k\u00f6z\u00f6tt oldjuk meg.<br>T\u00e1rsas\u00e1gunk 1996 \u00f3ta az ISO 9001 szabv\u00e1ny alapj\u00e1n m\u0171k\u00f6dtetett min\u0151s\u00e9gir\u00e1ny\u00edt\u00e1si rendszer szerint tev\u00e9kenykedik. T\u00f6bbsz\u00f6ri meg\u00faj\u00edt\u00e1si \u00e9s kiterjeszt\u00e9si audit ut\u00e1n, jelenleg a legmodernebb, vev\u0151k\u00f6zpont\u00fa ISO 9001 szabv\u00e1ny szerint ir\u00e1ny\u00edtjuk folyamatainkat.<\/p>\n","protected":false},"excerpt":{"rendered":"<p>T\u00f6rt\u00e9net T\u00e1rsas\u00e1gunkat a Richter Gedeon Rt. \u00e9s a Chemitechnik Vegyipari Fejleszt\u0151 \u00e9s Tervez\u0151 Kft. alap\u00edtotta 1994 janu\u00e1rj\u00e1ban. Szervezet\u00fcnk magj\u00e1t a Richter Gedeon Rt.-b\u0151l kiv\u00e1lt akkori \u00dczemfejleszt\u00e9si F\u0151oszt\u00e1ly alkotta, a maga harminc \u00e9ves gy\u00f3gyszeripari tapasztalat\u00e1val. T\u00e1rsas\u00e1gunknak \u2013 a gy\u00f3gyszeripar mellett \u2013 tradicion\u00e1lis profilja l\u00e9tes\u00edtm\u00e9nyek tervez\u00e9se \u00e9s kivitelez\u00e9se a vegyipar \u00e9s az \u00e9lelmiszeripar ter\u00fclet\u00e9n. Az ut\u00f3bbi n\u00e9h\u00e1ny &hellip; <\/p>\n<p class=\"link-more\"><a href=\"http:\/\/www.chph.hu\/\" class=\"more-link\"><span class=\"screen-reader-text\">&#8222;R\u00f3lunk&#8221;<\/span> b\u0151vebben<\/a><\/p>\n","protected":false},"author":1,"featured_media":0,"parent":0,"menu_order":0,"comment_status":"closed","ping_status":"closed","template":"","meta":{"footnotes":""},"class_list":["post-1900","page","type-page","status-publish","hentry"],"_links":{"self":[{"href":"http:\/\/www.chph.hu\/index.php?rest_route=\/wp\/v2\/pages\/1900","targetHints":{"allow":["GET"]}}],"collection":[{"href":"http:\/\/www.chph.hu\/index.php?rest_route=\/wp\/v2\/pages"}],"about":[{"href":"http:\/\/www.chph.hu\/index.php?rest_route=\/wp\/v2\/types\/page"}],"author":[{"embeddable":true,"href":"http:\/\/www.chph.hu\/index.php?rest_route=\/wp\/v2\/users\/1"}],"replies":[{"embeddable":true,"href":"http:\/\/www.chph.hu\/index.php?rest_route=%2Fwp%2Fv2%2Fcomments&post=1900"}],"version-history":[{"count":4,"href":"http:\/\/www.chph.hu\/index.php?rest_route=\/wp\/v2\/pages\/1900\/revisions"}],"predecessor-version":[{"id":1993,"href":"http:\/\/www.chph.hu\/index.php?rest_route=\/wp\/v2\/pages\/1900\/revisions\/1993"}],"wp:attachment":[{"href":"http:\/\/www.chph.hu\/index.php?rest_route=%2Fwp%2Fv2%2Fmedia&parent=1900"}],"curies":[{"name":"wp","href":"https:\/\/api.w.org\/{rel}","templated":true}]}}