{"id":272,"date":"2015-04-07T09:19:36","date_gmt":"2015-04-07T09:19:36","guid":{"rendered":"http:\/\/www.chph.hu\/?page_id=272"},"modified":"2015-04-07T09:19:36","modified_gmt":"2015-04-07T09:19:36","slug":"vakuum-szaritoszekrenyek","status":"publish","type":"page","link":"http:\/\/www.chph.hu\/?page_id=272","title":{"rendered":"V\u00e1kuum sz\u00e1r\u00edt\u00f3szekr\u00e9nyek"},"content":{"rendered":"<p style=\"text-align: center;\"><img loading=\"lazy\" decoding=\"async\" class=\" size-full wp-image-273 aligncenter\" src=\"http:\/\/www.chph.hu\/wp-content\/uploads\/2015\/04\/4VAKUUM.jpg\" alt=\"4VAKUUM\" width=\"413\" height=\"470\" \/>CTK-VTD6 V\u00e1kuum sz\u00e1r\u00edt\u00f3szekr\u00e9ny<br \/>\n<a href=\"http:\/\/www.chph.hu\/wp-content\/uploads\/2015\/04\/4vakuum.pdf\" target=\"_blank\">M\u0171szaki le\u00edr\u00e1s, adatok, m\u00e9retek PDF form\u00e1tumban<\/a><\/p>\n<p><span style=\"text-decoration: underline;\"><em>Fel\u00e9p\u00edt\u00e9s<\/em><\/span><br \/>\nA berendez\u00e9s sav\u00e1ll\u00f3 ac\u00e9lb\u00f3l GMP \u00e9s FDA konform kivitelben k\u00e9sz\u00fcl. A sz\u00e1r\u00edt\u00f3szekr\u00e9ny teljes k\u00fcls\u0151 fel\u00fclete burkolattal ell\u00e1tott, ez\u00e9rt \u00f6n\u00e1ll\u00f3an, vagy falba \u00e9p\u00edtve egyar\u00e1nt telep\u00edthet\u0151. A t\u00e1lc\u00e1s v\u00e1kuum sz\u00e1r\u00edt\u00f3szekr\u00e9ny egy z\u00e1rt, h\u0151szigetelt fal\u00fa f\u0171t\u00f6tt szekr\u00e9ny. Be\u00e9p\u00edtett polcokon t\u00f6bb szinten, egym\u00e1s mellett \u00e9s f\u00f6l\u00f6tt elhelyezett t\u00e1lc\u00e1kon sz\u00e1rad a nedves szil\u00e1rd anyag. A f\u0171t\u00f6tt polcrendszer biztos\u00edtja az elp\u00e1rologtat\u00e1shoz sz\u00fcks\u00e9ges h\u0151 egyenletes eloszt\u00e1s\u00e1t. A sz\u00e1r\u00edt\u00f3szekr\u00e9ny bels\u0151, valamint a t\u00e1lc\u00e1k teljes fel\u00fclete pol\u00edrozott. A dupla zsan\u00e9ros z\u00e1rszerkezet az ajt\u00f3 t\u00f6k\u00e9letes z\u00e1r\u00e1s\u00e1t, \u00edgy a szekr\u00e9ny v\u00e1kuumt\u00f6m\u00f6rs\u00e9g\u00e9t biztos\u00edtja.<\/p>\n<p><span style=\"text-decoration: underline;\"><em>Alkalmaz\u00e1s<\/em><\/span><br \/>\nA t\u00e1lc\u00e1s v\u00e1kuum sz\u00e1r\u00edt\u00f3szekr\u00e9ny els\u0151sorban kis volumen\u0171, nedves\u00edt\u0151 old\u00f3szereket tartalmaz\u00f3 gy\u00f3gyszeralapanyagok \u00e9s v\u00e9gterm\u00e9kek sz\u00e1r\u00edt\u00e1s\u00e1ra alkalmas.<\/p>\n<p><span style=\"text-decoration: underline;\"><em>M\u0171k\u00f6d\u00e9s<\/em><\/span><br \/>\nA nedves\u00edt\u0151 old\u00f3szer elp\u00e1rologtat\u00e1s\u00e1hoz sz\u00fcks\u00e9ges h\u0151mennyis\u00e9g \u00e1tad\u00e1s\u00e1t a szekr\u00e9ny k\u00f6penyoldal\u00e1n illetve a t\u00e1lc\u00e1kat tart\u00f3 polcokban keringtetett melegv\u00edz biztos\u00edtja. A k\u00f6penyoldali f\u0171t\u00e9s megakad\u00e1lyozza az elvont p\u00e1ramennyis\u00e9g lekondenz\u00e1l\u00e1s\u00e1t is. A szekr\u00e9ny kamrater\u00e9ben a v\u00e1kuum m\u00e9rt\u00e9k\u00e9t v\u00e1kuumm\u00e9r\u0151vel m\u00e9rj\u00fck. Kil\u00e9p\u00e9si oldalon a p\u00e1rah\u0151m\u00e9rs\u00e9kletet m\u00e9rj\u00fck. Ig\u00e9ny szerint \u2013 ak\u00e1r polconk\u00e9nt \u2013 elhelyezett h\u0151m\u00e9rs\u00e9klet jelz\u0151 m\u0171szer biztos\u00edtja a h\u0151m\u00e9rs\u00e9klet kijelz\u00e9s\u00e9t, regisztr\u00e1l\u00e1s\u00e1t. A h\u0151m\u00e9r\u0151k adj\u00e1k a melegvizes rendszer szab\u00e1lyoz\u00e1s\u00e1nak alapjel\u00e9t is. A sz\u00e1r\u00edt\u00e1s befejezt\u00e9vel nitrog\u00e9nes \u00e1t\u00f6bl\u00edt\u00e9sre van lehet\u0151s\u00e9g.<\/p>\n<p><em>Megrendel\u00e9si p\u00e9lda<\/em><br \/>\nCTK-VTD6 t\u00edpus\u00fa v\u00e1kuum sz\u00e1r\u00edt\u00f3szekr\u00e9ny. A m\u0171szerez\u00e9s megrendel\u00e9skor egyedileg pontos\u00edtand\u00f3!<\/p>\n<p>CTK-VTD6 P F J<\/p>\n<p>T\u00edpusa: VTD<br \/>\nT\u00e1lc\u00e1k \u00f6sszes fel\u00fclete: 6m2<br \/>\nH\u0151m\u00e9rs\u00e9kletm\u00e9r\u00e9s: &#8216;P&#8217; polconk\u00e9nt<br \/>\nKivitel: &#8216;F&#8217; falba\u00e9p\u00edtett kivitel<br \/>\nNyit\u00e1sir\u00e1ny: &#8216;J&#8217; jobbos<\/p>\n","protected":false},"excerpt":{"rendered":"<p>CTK-VTD6 V\u00e1kuum sz\u00e1r\u00edt\u00f3szekr\u00e9ny M\u0171szaki le\u00edr\u00e1s, adatok, m\u00e9retek PDF form\u00e1tumban Fel\u00e9p\u00edt\u00e9s A berendez\u00e9s sav\u00e1ll\u00f3 ac\u00e9lb\u00f3l GMP \u00e9s FDA konform kivitelben k\u00e9sz\u00fcl. A sz\u00e1r\u00edt\u00f3szekr\u00e9ny teljes k\u00fcls\u0151 fel\u00fclete burkolattal ell\u00e1tott, ez\u00e9rt \u00f6n\u00e1ll\u00f3an, vagy falba \u00e9p\u00edtve egyar\u00e1nt telep\u00edthet\u0151. A t\u00e1lc\u00e1s v\u00e1kuum sz\u00e1r\u00edt\u00f3szekr\u00e9ny egy z\u00e1rt, h\u0151szigetelt fal\u00fa f\u0171t\u00f6tt szekr\u00e9ny. Be\u00e9p\u00edtett polcokon t\u00f6bb szinten, egym\u00e1s mellett \u00e9s f\u00f6l\u00f6tt elhelyezett t\u00e1lc\u00e1kon sz\u00e1rad &hellip; <\/p>\n<p class=\"link-more\"><a href=\"http:\/\/www.chph.hu\/?page_id=272\" class=\"more-link\"><span class=\"screen-reader-text\">&#8222;V\u00e1kuum sz\u00e1r\u00edt\u00f3szekr\u00e9nyek&#8221;<\/span> b\u0151vebben<\/a><\/p>\n","protected":false},"author":1,"featured_media":0,"parent":0,"menu_order":0,"comment_status":"open","ping_status":"open","template":"","meta":{"footnotes":""},"class_list":["post-272","page","type-page","status-publish","hentry"],"_links":{"self":[{"href":"http:\/\/www.chph.hu\/index.php?rest_route=\/wp\/v2\/pages\/272","targetHints":{"allow":["GET"]}}],"collection":[{"href":"http:\/\/www.chph.hu\/index.php?rest_route=\/wp\/v2\/pages"}],"about":[{"href":"http:\/\/www.chph.hu\/index.php?rest_route=\/wp\/v2\/types\/page"}],"author":[{"embeddable":true,"href":"http:\/\/www.chph.hu\/index.php?rest_route=\/wp\/v2\/users\/1"}],"replies":[{"embeddable":true,"href":"http:\/\/www.chph.hu\/index.php?rest_route=%2Fwp%2Fv2%2Fcomments&post=272"}],"version-history":[{"count":1,"href":"http:\/\/www.chph.hu\/index.php?rest_route=\/wp\/v2\/pages\/272\/revisions"}],"predecessor-version":[{"id":275,"href":"http:\/\/www.chph.hu\/index.php?rest_route=\/wp\/v2\/pages\/272\/revisions\/275"}],"wp:attachment":[{"href":"http:\/\/www.chph.hu\/index.php?rest_route=%2Fwp%2Fv2%2Fmedia&parent=272"}],"curies":[{"name":"wp","href":"https:\/\/api.w.org\/{rel}","templated":true}]}}